{"id":1974,"date":"2024-09-11T21:31:59","date_gmt":"2024-09-11T19:31:59","guid":{"rendered":"https:\/\/ngref-group.com\/?post_type=product&#038;p=1974"},"modified":"2025-02-18T17:45:18","modified_gmt":"2025-02-18T16:45:18","slug":"rideaux-accordeon","status":"publish","type":"product","link":"https:\/\/ngref-group.com\/fr\/product\/rideaux-accordeon\/","title":{"rendered":"Rideaux pliables en accord\u00e9on"},"content":{"rendered":"\n<div class=\"wp-block-media-text has-media-on-the-right is-stacked-on-mobile\"><div class=\"wp-block-media-text__content\">\n<h2 class=\"wp-block-heading\">Rideaux pliables en accord\u00e9on<\/h2>\n\n\n\n<p>Les rideaux textiles pliables en accord\u00e9on sont une solution innovante adapt\u00e9e aux projets o\u00f9 il est non seulement important de s\u00e9curiser une zone, mais aussi de le faire d&#8217;une&nbsp;mani\u00e8re commode et esth\u00e9tique.<\/p>\n\n\n\n<p>Ce produit nouveau rend possible le compartimentage des espaces compl\u00e8tement ouverts, par ex. des atriums o\u00f9 il manque de surfaces de montage verticales. Il a \u00e9t\u00e9 test\u00e9 suivant les normes EN\u00a016034 et EN\u00a013241 et poss\u00e8de des certificats de constance des performances (CE). Les classes de r\u00e9sistance au feu\u00a0E de\u00a0120 \u00e0\u00a0240 minutes ont \u00e9t\u00e9 prononc\u00e9es. La conception modulaire du produit, la possibilit\u00e9 d&#8217;ajuster sa forme et l&#8217;\u00e9ventail consid\u00e9rable de ses variantes et d\u2019options de finition permettent de bien l&#8217;adapter aux besoins du client et aux exigences du projet.<\/p>\n\n\n\n<p>Conform\u00e9ment aux pr\u00e9conisations en mati\u00e8re de s\u00e9curit\u00e9 incendie, nos rideaux ferment par \u00e9nergie intrins\u00e8que (descente gravitaire sans alimentation). Ceci est possible gr\u00e2ce \u00e0 l\u2019utilisation des moteurs con\u00e7us pour les syst\u00e8mes de protection contre les incendies.<\/p>\n<\/div><figure class=\"wp-block-media-text__media\"><img loading=\"lazy\" decoding=\"async\" width=\"782\" height=\"1065\" src=\"https:\/\/ngref-group.com\/wp-content\/uploads\/2024\/10\/kurtyny-harmonijkowe.png\" alt=\"\" class=\"wp-image-457 size-full\" srcset=\"https:\/\/ngref-group.com\/wp-content\/uploads\/2024\/10\/kurtyny-harmonijkowe.png 782w, https:\/\/ngref-group.com\/wp-content\/uploads\/2024\/10\/kurtyny-harmonijkowe-768x1046.png 768w\" sizes=\"auto, (max-width: 782px) 100vw, 782px\" \/><\/figure><\/div>\n\n\n\n<div class=\"wp-block-columns is-layout-flex wp-container-core-columns-is-layout-9d6595d7 wp-block-columns-is-layout-flex\">\n<div class=\"wp-block-column is-layout-flow wp-block-column-is-layout-flow\">\n<h3 class=\"wp-block-heading\">SOLUTION POUR :<br><\/h3>\n\n\n\n<ul class=\"wp-block-list\">\n<li>\u00c9tablissements culturels et installations de loisirs<\/li>\n\n\n\n<li>Galeries d\u2019art<\/li>\n\n\n\n<li>Terminaux d\u2019a\u00e9roport<\/li>\n\n\n\n<li>H\u00f4tels<\/li>\n\n\n\n<li>Immeubles de bureaux<\/li>\n<\/ul>\n<\/div>\n\n\n\n<div class=\"wp-block-column is-layout-flow wp-block-column-is-layout-flow\">\n<h3 class=\"wp-block-heading\">NOS RIDEAUX PLIABLES EN ACCORD\u00c9ON :<\/h3>\n\n\n<ul class=\"child-pages\">\n\n    <li class=\"child-pages__item\">\n    <a class=\"button button--small button--outline is-download\" href=\"https:\/\/ngref-group.com\/fr\/product\/rideaux-accordeon\/rideaux-accordeons-en-classe-e\/\"\n      title=\"Rideaux accord\u00e9on de classe E\">\n      <span>Rideaux accord\u00e9on de classe E<\/span>\n      <svg>\n        <use href=\"#icon-arrow-left\"><\/use>\n      <\/svg>\n    <\/a>\n  <\/li>\n  <\/ul>\n\n\n<\/div>\n<\/div>\n","protected":false},"excerpt":{"rendered":"<p>Rideaux pliables en accord\u00e9on Les rideaux textiles pliables en accord\u00e9on sont une solution innovante adapt\u00e9e aux projets o\u00f9 il est non seulement important de s\u00e9curiser une zone, mais aussi de le faire d&#8217;une&nbsp;mani\u00e8re commode et esth\u00e9tique. Ce produit nouveau rend possible le compartimentage des espaces compl\u00e8tement ouverts, par ex. des atriums o\u00f9 il manque de [&hellip;]<\/p>\n","protected":false},"featured_media":1980,"parent":0,"menu_order":0,"template":"","meta":{"_acf_changed":false,"footnotes":""},"tags":[],"class_list":["post-1974","product","type-product","status-publish","has-post-thumbnail","hentry"],"acf":[],"aioseo_notices":[],"_links":{"self":[{"href":"https:\/\/ngref-group.com\/fr\/wp-json\/wp\/v2\/product\/1974","targetHints":{"allow":["GET"]}}],"collection":[{"href":"https:\/\/ngref-group.com\/fr\/wp-json\/wp\/v2\/product"}],"about":[{"href":"https:\/\/ngref-group.com\/fr\/wp-json\/wp\/v2\/types\/product"}],"version-history":[{"count":10,"href":"https:\/\/ngref-group.com\/fr\/wp-json\/wp\/v2\/product\/1974\/revisions"}],"predecessor-version":[{"id":4202,"href":"https:\/\/ngref-group.com\/fr\/wp-json\/wp\/v2\/product\/1974\/revisions\/4202"}],"wp:featuredmedia":[{"embeddable":true,"href":"https:\/\/ngref-group.com\/fr\/wp-json\/wp\/v2\/media\/1980"}],"wp:attachment":[{"href":"https:\/\/ngref-group.com\/fr\/wp-json\/wp\/v2\/media?parent=1974"}],"wp:term":[{"taxonomy":"post_tag","embeddable":true,"href":"https:\/\/ngref-group.com\/fr\/wp-json\/wp\/v2\/tags?post=1974"}],"curies":[{"name":"wp","href":"https:\/\/api.w.org\/{rel}","templated":true}]}}